{"id":1170,"date":"2026-01-22T09:14:48","date_gmt":"2026-01-22T14:14:48","guid":{"rendered":"https:\/\/aalliance.ca\/communities\/"},"modified":"2026-03-26T08:59:39","modified_gmt":"2026-03-26T12:59:39","slug":"communautes","status":"publish","type":"page","link":"https:\/\/aalliance.ca\/fr\/communautes\/","title":{"rendered":"Communaut\u00e9s"},"content":{"rendered":"\t\t<div data-elementor-type=\"wp-page\" data-elementor-id=\"1170\" class=\"elementor elementor-1170 elementor-564\" data-elementor-post-type=\"page\">\n\t\t\t\t\t\t<section class=\"elementor-section elementor-top-section elementor-element elementor-element-ce0d7c0 elementor-section-boxed elementor-section-height-default elementor-section-height-default\" data-id=\"ce0d7c0\" data-element_type=\"section\" data-e-type=\"section\" data-settings=\"{&quot;background_background&quot;:&quot;classic&quot;}\">\n\t\t\t\t\t\t\t<div class=\"elementor-background-overlay\"><\/div>\n\t\t\t\t\t\t\t<div class=\"elementor-container elementor-column-gap-default\">\n\t\t\t\t\t<div class=\"elementor-column elementor-col-100 elementor-top-column elementor-element elementor-element-fab8443\" data-id=\"fab8443\" data-element_type=\"column\" data-e-type=\"column\">\n\t\t\t<div class=\"elementor-widget-wrap elementor-element-populated\">\n\t\t\t\t\t\t<div class=\"elementor-element elementor-element-c8d0c9f elementor-invisible elementor-widget elementor-widget-heading\" data-id=\"c8d0c9f\" data-element_type=\"widget\" data-e-type=\"widget\" data-settings=\"{&quot;_animation&quot;:&quot;fadeInUp&quot;}\" data-widget_type=\"heading.default\">\n\t\t\t\t\t<h6 class=\"elementor-heading-title elementor-size-default\">Anishnabe Alliance<\/h6>\t\t\t\t<\/div>\n\t\t\t\t<div class=\"elementor-element elementor-element-fb1ea39 elementor-invisible elementor-widget elementor-widget-heading\" data-id=\"fb1ea39\" data-element_type=\"widget\" data-e-type=\"widget\" data-settings=\"{&quot;_animation&quot;:&quot;fadeInUp&quot;,&quot;_animation_delay&quot;:50}\" data-widget_type=\"heading.default\">\n\t\t\t\t\t<h1 class=\"elementor-heading-title elementor-size-default\">Nos communaut\u00e9s\n<\/h1>\t\t\t\t<\/div>\n\t\t\t\t\t<\/div>\n\t\t<\/div>\n\t\t\t\t\t<\/div>\n\t\t<\/section>\n\t\t\t\t<section class=\"elementor-section elementor-top-section elementor-element elementor-element-d42dd08 elementor-section-boxed elementor-section-height-default elementor-section-height-default\" data-id=\"d42dd08\" data-element_type=\"section\" data-e-type=\"section\" data-settings=\"{&quot;background_background&quot;:&quot;classic&quot;}\">\n\t\t\t\t\t\t<div class=\"elementor-container elementor-column-gap-default\">\n\t\t\t\t\t<div class=\"elementor-column elementor-col-100 elementor-top-column elementor-element elementor-element-6c88fc3\" data-id=\"6c88fc3\" data-element_type=\"column\" data-e-type=\"column\">\n\t\t\t<div class=\"elementor-widget-wrap elementor-element-populated\">\n\t\t\t\t\t\t<div class=\"elementor-element elementor-element-d2f3eed elementor-invisible elementor-widget elementor-widget-text-editor\" data-id=\"d2f3eed\" data-element_type=\"widget\" data-e-type=\"widget\" data-settings=\"{&quot;_animation&quot;:&quot;fadeInUp&quot;,&quot;_animation_delay&quot;:250}\" data-widget_type=\"text-editor.default\">\n\t\t\t\t\t\t\t\t\t<p>Premi\u00e8res Nations algonquines et communaut\u00e9s anishnabe du Qu\u00e9bec et de l\u2019Ontario<\/p><p>Anishnabe Alliance est fi\u00e8re de soutenir les Premi\u00e8res Nations algonquines et les communaut\u00e9s anishnabe du Qu\u00e9bec et de l\u2019Ontario. Chaque Nation poss\u00e8de sa propre histoire, sa culture et ses priorit\u00e9s, tout en partageant un lien profond avec le territoire, la langue et le mieux-\u00eatre communautaire.<\/p><p>Plusieurs des communaut\u00e9s avec lesquelles nous collaborons font partie de la Nation algonquine anishinabeg et sont reli\u00e9es par le bassin versant de la rivi\u00e8re des Outaouais, aussi connu sous le nom de Kitchi Sibi. Cette r\u00e9gion repr\u00e9sente un territoire ancestral et vivant o\u00f9 l\u2019identit\u00e9 culturelle, la gestion du territoire et l\u2019autod\u00e9termination continuent de s\u2019\u00e9panouir.<\/p><p>Vous trouverez ci-dessous un aper\u00e7u des communaut\u00e9s repr\u00e9sent\u00e9es sur ces terres traditionnelles, en mettant en valeur leurs forces, leur identit\u00e9 et leur leadership.<\/p>\t\t\t\t\t\t\t\t<\/div>\n\t\t\t\t<div class=\"elementor-element elementor-element-ac52e82 elementor-mobile-align-center elementor-align-center elementor-invisible elementor-widget elementor-widget-button\" data-id=\"ac52e82\" data-element_type=\"widget\" data-e-type=\"widget\" data-settings=\"{&quot;_animation&quot;:&quot;fadeInUp&quot;,&quot;_animation_delay&quot;:200}\" data-widget_type=\"button.default\">\n\t\t\t\t\t\t\t\t\t\t<a class=\"elementor-button elementor-button-link elementor-size-sm elementor-animation-bob\" href=\"#nos-communautes\">\n\t\t\t\t\t\t<span class=\"elementor-button-content-wrapper\">\n\t\t\t\t\t\t\t\t\t<span class=\"elementor-button-text\">D\u00e9couvrir nos communaut\u00e9s<\/span>\n\t\t\t\t\t<\/span>\n\t\t\t\t\t<\/a>\n\t\t\t\t\t\t\t\t<\/div>\n\t\t\t\t\t<\/div>\n\t\t<\/div>\n\t\t\t\t\t<\/div>\n\t\t<\/section>\n\t\t\t\t<section class=\"elementor-section elementor-top-section elementor-element elementor-element-3009e8e elementor-section-boxed elementor-section-height-default elementor-section-height-default\" data-id=\"3009e8e\" data-element_type=\"section\" data-e-type=\"section\" id=\"nos-communautes\">\n\t\t\t\t\t\t<div class=\"elementor-container elementor-column-gap-wide\">\n\t\t\t\t\t<div class=\"elementor-column elementor-col-50 elementor-top-column elementor-element elementor-element-1961fb4\" data-id=\"1961fb4\" data-element_type=\"column\" data-e-type=\"column\">\n\t\t\t<div class=\"elementor-widget-wrap elementor-element-populated\">\n\t\t\t\t\t\t<div class=\"elementor-element elementor-element-827a5d2 elementor-invisible elementor-widget elementor-widget-image\" data-id=\"827a5d2\" data-element_type=\"widget\" data-e-type=\"widget\" data-settings=\"{&quot;_animation&quot;:&quot;fadeInLeft&quot;,&quot;_animation_delay&quot;:50}\" data-widget_type=\"image.default\">\n\t\t\t\t\t\t\t\t\t\t\t\t\t\t\t<img alt=\"\" fetchpriority=\"high\" decoding=\"async\" width=\"800\" height=\"719\" src=\"https:\/\/aalliance.ca\/wp-content\/uploads\/2026\/01\/Anishnabe-Alliance-mission-1.jpg\" class=\"attachment-large size-large wp-image-1057\" alt=\"\" srcset=\"https:\/\/aalliance.ca\/wp-content\/uploads\/2026\/01\/Anishnabe-Alliance-mission-1.jpg 954w, https:\/\/aalliance.ca\/wp-content\/uploads\/2026\/01\/Anishnabe-Alliance-mission-1-300x269.jpg 300w, https:\/\/aalliance.ca\/wp-content\/uploads\/2026\/01\/Anishnabe-Alliance-mission-1-768x690.jpg 768w\" sizes=\"(max-width: 800px) 100vw, 800px\" \/>\t\t\t\t\t\t\t\t\t\t\t\t\t\t\t<\/div>\n\t\t\t\t\t<\/div>\n\t\t<\/div>\n\t\t\t\t<div class=\"elementor-column elementor-col-50 elementor-top-column elementor-element elementor-element-3a22fe7 order_1\" data-id=\"3a22fe7\" data-element_type=\"column\" data-e-type=\"column\">\n\t\t\t<div class=\"elementor-widget-wrap elementor-element-populated\">\n\t\t\t\t\t\t<div class=\"elementor-element elementor-element-470dbcc elementor-invisible elementor-widget elementor-widget-heading\" data-id=\"470dbcc\" data-element_type=\"widget\" data-e-type=\"widget\" data-settings=\"{&quot;_animation&quot;:&quot;fadeInUp&quot;}\" data-widget_type=\"heading.default\">\n\t\t\t\t\t<h6 class=\"elementor-heading-title elementor-size-default\">Nos communaut\u00e9s\n<\/h6>\t\t\t\t<\/div>\n\t\t\t\t<div class=\"elementor-element elementor-element-e8e5d32 elementor-invisible elementor-widget elementor-widget-heading\" data-id=\"e8e5d32\" data-element_type=\"widget\" data-e-type=\"widget\" data-settings=\"{&quot;_animation&quot;:&quot;fadeInUp&quot;,&quot;_animation_delay&quot;:100}\" data-widget_type=\"heading.default\">\n\t\t\t\t\t<h2 class=\"elementor-heading-title elementor-size-default\">Kitigan Zibi Anishinabeg\n<\/h2>\t\t\t\t<\/div>\n\t\t\t\t<div class=\"elementor-element elementor-element-1f16d56 elementor-invisible elementor-widget elementor-widget-text-editor\" data-id=\"1f16d56\" data-element_type=\"widget\" data-e-type=\"widget\" data-settings=\"{&quot;_animation&quot;:&quot;fadeInUp&quot;,&quot;_animation_delay&quot;:150}\" data-widget_type=\"text-editor.default\">\n\t\t\t\t\t\t\t\t\t<p>Kitigan Zibi Anishinabeg est une Premi\u00e8re Nation algonquine dynamique du Qu\u00e9bec, situ\u00e9e dans la r\u00e9gion de l\u2019Outaouais. La communaut\u00e9 est reconnue pour son engagement envers la pr\u00e9servation culturelle, la revitalisation de la langue algonquine et la protection du territoire gr\u00e2ce \u00e0 l\u2019autonomie gouvernementale et \u00e0 une planification \u00e0 long terme.<\/p><p>Kitigan Zibi continue de faire rayonner les savoirs traditionnels tout en appuyant des initiatives modernes li\u00e9es \u00e0 l\u2019\u00e9ducation et \u00e0 la conservation de l\u2019environnement.<\/p><p><strong>Informations cl\u00e9s :<\/strong><\/p>\t\t\t\t\t\t\t\t<\/div>\n\t\t\t\t<div class=\"elementor-element elementor-element-d76a084 elementor-invisible elementor-widget elementor-widget-text-editor\" data-id=\"d76a084\" data-element_type=\"widget\" data-e-type=\"widget\" data-settings=\"{&quot;_animation&quot;:&quot;fadeInUp&quot;,&quot;_animation_delay&quot;:150}\" data-widget_type=\"text-editor.default\">\n\t\t\t\t\t\t\t\t\t<ul><li><strong style=\"color: #d98042;\">Peuple :<\/strong> Algonquin Anishinaabe;<\/li><li><strong style=\"color: #d98042;\">Localisation :<\/strong> R\u00e9gion de l\u2019Outaouais, Qu\u00e9bec, \u00e0 environ 135 km au nord d\u2019Ottawa;<\/li><li><strong style=\"color: #d98042;\">Population :<\/strong> Plus de 4 000 membres inscrits, vivant sur r\u00e9serve et hors r\u00e9serve;<\/li><li><strong style=\"color: #d98042;\">Culture :<\/strong> Culture vivante ax\u00e9e sur le lien au territoire, les arts et la langue;<\/li><li><strong style=\"color: #d98042;\">\u00c9conomie :<\/strong> Reconnue pour le sirop d\u2019\u00e9rable et le d\u00e9veloppement \u00e9conomique durable.<\/li><\/ul>\t\t\t\t\t\t\t\t<\/div>\n\t\t\t\t<div class=\"elementor-element elementor-element-16e79b9 elementor-invisible elementor-widget elementor-widget-text-editor\" data-id=\"16e79b9\" data-element_type=\"widget\" data-e-type=\"widget\" data-settings=\"{&quot;_animation&quot;:&quot;fadeInUp&quot;,&quot;_animation_delay&quot;:150}\" data-widget_type=\"text-editor.default\">\n\t\t\t\t\t\t\t\t\t<strong>Activit\u00e9s r\u00e9centes et priorit\u00e9s :<\/strong>\t\t\t\t\t\t\t\t<\/div>\n\t\t\t\t<div class=\"elementor-element elementor-element-77c325b elementor-invisible elementor-widget elementor-widget-text-editor\" data-id=\"77c325b\" data-element_type=\"widget\" data-e-type=\"widget\" data-settings=\"{&quot;_animation&quot;:&quot;fadeInUp&quot;,&quot;_animation_delay&quot;:150}\" data-widget_type=\"text-editor.default\">\n\t\t\t\t\t\t\t\t\t<ul><li><span style=\"font-weight: 400;\">Revendications territoriales et affirmation du titre ancestral, incluant une action juridique d\u00e9pos\u00e9e en 2025<\/span>;<\/li><li>Gestion environnementale et protection de la biodiversit\u00e9 dans des zones culturellement significatives;<\/li><li>Initiatives \u00e9ducatives innovantes incluant l\u2019utilisation de la technologie pour soutenir la langue et la culture;<\/li><li>Gouvernance dirig\u00e9e par un Chef et un Conseil de bande ax\u00e9s sur l\u2019autonomie et les droits.<\/li><\/ul>\t\t\t\t\t\t\t\t<\/div>\n\t\t\t\t\t<\/div>\n\t\t<\/div>\n\t\t\t\t\t<\/div>\n\t\t<\/section>\n\t\t\t\t<section class=\"elementor-section elementor-top-section elementor-element elementor-element-ca041fd elementor-section-boxed elementor-section-height-default elementor-section-height-default\" data-id=\"ca041fd\" data-element_type=\"section\" data-e-type=\"section\" data-settings=\"{&quot;background_background&quot;:&quot;classic&quot;}\">\n\t\t\t\t\t\t<div class=\"elementor-container elementor-column-gap-wide\">\n\t\t\t\t\t<div class=\"elementor-column elementor-col-50 elementor-top-column elementor-element elementor-element-af0baab\" data-id=\"af0baab\" data-element_type=\"column\" data-e-type=\"column\">\n\t\t\t<div class=\"elementor-widget-wrap elementor-element-populated\">\n\t\t\t\t\t\t<div class=\"elementor-element elementor-element-2f88ce9 elementor-invisible elementor-widget elementor-widget-heading\" data-id=\"2f88ce9\" data-element_type=\"widget\" data-e-type=\"widget\" data-settings=\"{&quot;_animation&quot;:&quot;fadeInUp&quot;}\" data-widget_type=\"heading.default\">\n\t\t\t\t\t<h6 class=\"elementor-heading-title elementor-size-default\">Nos communaut\u00e9s<\/h6>\t\t\t\t<\/div>\n\t\t\t\t<div class=\"elementor-element elementor-element-f41868e elementor-invisible elementor-widget elementor-widget-heading\" data-id=\"f41868e\" data-element_type=\"widget\" data-e-type=\"widget\" data-settings=\"{&quot;_animation&quot;:&quot;fadeInUp&quot;,&quot;_animation_delay&quot;:100}\" data-widget_type=\"heading.default\">\n\t\t\t\t\t<h2 class=\"elementor-heading-title elementor-size-default\">Algonquins de Barri\u00e8re Lake (Mitchikanibikok Inikare)<\/h2>\t\t\t\t<\/div>\n\t\t\t\t<div class=\"elementor-element elementor-element-52f0211 elementor-invisible elementor-widget elementor-widget-text-editor\" data-id=\"52f0211\" data-element_type=\"widget\" data-e-type=\"widget\" data-settings=\"{&quot;_animation&quot;:&quot;fadeInUp&quot;,&quot;_animation_delay&quot;:150}\" data-widget_type=\"text-editor.default\">\n\t\t\t\t\t\t\t\t\t<p>Les Algonquins de Barri\u00e8re Lake, aussi connus sous le nom de Mitchikanibikok Inikare, sont une Premi\u00e8re Nation algonquine du Qu\u00e9bec reconnue pour son lien profond avec son territoire traditionnel et son engagement dans la d\u00e9fense des droits territoriaux autochtones.<\/p><p>La communaut\u00e9 r\u00e9side principalement sur la r\u00e9serve de Rapid Lake et poursuit la protection du territoire et des ressources \u00e0 travers des actions directes, des d\u00e9marches juridiques et des formes de gouvernance traditionnelle.<br \/><br \/><strong>Informations cl\u00e9s :<\/strong><\/p>\t\t\t\t\t\t\t\t<\/div>\n\t\t\t\t<div class=\"elementor-element elementor-element-9e0d5e7 elementor-invisible elementor-widget elementor-widget-text-editor\" data-id=\"9e0d5e7\" data-element_type=\"widget\" data-e-type=\"widget\" data-settings=\"{&quot;_animation&quot;:&quot;fadeInUp&quot;,&quot;_animation_delay&quot;:150}\" data-widget_type=\"text-editor.default\">\n\t\t\t\t\t\t\t\t\t<ul>\n \t<li><strong style=\"color: #d98042;\">Localisation :<\/strong> R\u00e9gion de l\u2019Outaouais, Qu\u00e9bec, autour du Lac Rapide;<\/li>\n \t<li><strong style=\"color: #d98042;\">Population :<\/strong> 792 membres inscrits (2021), dont environ 303 vivent sur r\u00e9serve;<\/li>\n \t<li><strong style=\"color: #d98042;\">Langue :<\/strong> Dialecte algonquin du Nord.<\/li>\n<\/ul>\t\t\t\t\t\t\t\t<\/div>\n\t\t\t\t<div class=\"elementor-element elementor-element-6d38cd0 elementor-invisible elementor-widget elementor-widget-text-editor\" data-id=\"6d38cd0\" data-element_type=\"widget\" data-e-type=\"widget\" data-settings=\"{&quot;_animation&quot;:&quot;fadeInUp&quot;,&quot;_animation_delay&quot;:150}\" data-widget_type=\"text-editor.default\">\n\t\t\t\t\t\t\t\t\t<p><strong>Enjeux et priorit\u00e9s :<\/strong><\/p>\t\t\t\t\t\t\t\t<\/div>\n\t\t\t\t<div class=\"elementor-element elementor-element-2795c4b elementor-invisible elementor-widget elementor-widget-text-editor\" data-id=\"2795c4b\" data-element_type=\"widget\" data-e-type=\"widget\" data-settings=\"{&quot;_animation&quot;:&quot;fadeInUp&quot;,&quot;_animation_delay&quot;:150}\" data-widget_type=\"text-editor.default\">\n\t\t\t\t\t\t\t\t\t<ul>\n \t<li>D\u00e9fense du territoire face aux activit\u00e9s foresti\u00e8res et mini\u00e8res;<\/li>\n \t<li>Actions communautaires li\u00e9es \u00e0 la gestion des ressources et au droit \u00e0 la consultation;<\/li>\n \t<li>Maintien de la gouvernance traditionnelle malgr\u00e9 des syst\u00e8mes impos\u00e9s;<\/li>\n \t<li>D\u00e9cisions comme des moratoires de chasse \u00e0 l\u2019orignal pour prot\u00e9ger la s\u00e9curit\u00e9 alimentaire;<\/li>\n \t<li>D\u00e9fis juridiques li\u00e9s \u00e0 l\u2019exploration mini\u00e8re et aux droits de consultation.<\/li>\n<\/ul>\t\t\t\t\t\t\t\t<\/div>\n\t\t\t\t\t<\/div>\n\t\t<\/div>\n\t\t\t\t<div class=\"elementor-column elementor-col-50 elementor-top-column elementor-element elementor-element-cefa520\" data-id=\"cefa520\" data-element_type=\"column\" data-e-type=\"column\">\n\t\t\t<div class=\"elementor-widget-wrap elementor-element-populated\">\n\t\t\t\t\t\t<div class=\"elementor-element elementor-element-39126ed elementor-invisible elementor-widget elementor-widget-image\" data-id=\"39126ed\" data-element_type=\"widget\" data-e-type=\"widget\" data-settings=\"{&quot;_animation&quot;:&quot;fadeInLeft&quot;,&quot;_animation_delay&quot;:50}\" data-widget_type=\"image.default\">\n\t\t\t\t\t\t\t\t\t\t\t\t\t\t\t<img alt=\"\" decoding=\"async\" width=\"800\" height=\"516\" src=\"https:\/\/aalliance.ca\/wp-content\/uploads\/2026\/01\/Algonquins-of-barriere-lake-1024x661.jpg\" class=\"attachment-large size-large wp-image-1173\" alt=\"\" srcset=\"https:\/\/aalliance.ca\/wp-content\/uploads\/2026\/01\/Algonquins-of-barriere-lake-1024x661.jpg 1024w, https:\/\/aalliance.ca\/wp-content\/uploads\/2026\/01\/Algonquins-of-barriere-lake-300x194.jpg 300w, https:\/\/aalliance.ca\/wp-content\/uploads\/2026\/01\/Algonquins-of-barriere-lake-768x496.jpg 768w, https:\/\/aalliance.ca\/wp-content\/uploads\/2026\/01\/Algonquins-of-barriere-lake.jpg 1470w\" sizes=\"(max-width: 800px) 100vw, 800px\" \/>\t\t\t\t\t\t\t\t\t\t\t\t\t\t\t<\/div>\n\t\t\t\t\t<\/div>\n\t\t<\/div>\n\t\t\t\t\t<\/div>\n\t\t<\/section>\n\t\t\t\t<section class=\"elementor-section elementor-top-section elementor-element elementor-element-296090d elementor-section-boxed elementor-section-height-default elementor-section-height-default\" data-id=\"296090d\" data-element_type=\"section\" data-e-type=\"section\">\n\t\t\t\t\t\t<div class=\"elementor-container elementor-column-gap-wide\">\n\t\t\t\t\t<div class=\"elementor-column elementor-col-50 elementor-top-column elementor-element elementor-element-3f261de\" data-id=\"3f261de\" data-element_type=\"column\" data-e-type=\"column\">\n\t\t\t<div class=\"elementor-widget-wrap elementor-element-populated\">\n\t\t\t\t\t\t<div class=\"elementor-element elementor-element-5d8f883 elementor-invisible elementor-widget elementor-widget-image\" data-id=\"5d8f883\" data-element_type=\"widget\" data-e-type=\"widget\" data-settings=\"{&quot;_animation&quot;:&quot;fadeInLeft&quot;,&quot;_animation_delay&quot;:50}\" data-widget_type=\"image.default\">\n\t\t\t\t\t\t\t\t\t\t\t\t\t\t\t<img alt=\"\" decoding=\"async\" width=\"240\" height=\"235\" src=\"https:\/\/aalliance.ca\/wp-content\/uploads\/2026\/01\/Kitcisakik-First-Nation.webp\" class=\"attachment-large size-large wp-image-1172\" alt=\"\" \/>\t\t\t\t\t\t\t\t\t\t\t\t\t\t\t<\/div>\n\t\t\t\t\t<\/div>\n\t\t<\/div>\n\t\t\t\t<div class=\"elementor-column elementor-col-50 elementor-top-column elementor-element elementor-element-438f0ca order_1\" data-id=\"438f0ca\" data-element_type=\"column\" data-e-type=\"column\">\n\t\t\t<div class=\"elementor-widget-wrap elementor-element-populated\">\n\t\t\t\t\t\t<div class=\"elementor-element elementor-element-ed721d0 elementor-invisible elementor-widget elementor-widget-heading\" data-id=\"ed721d0\" data-element_type=\"widget\" data-e-type=\"widget\" data-settings=\"{&quot;_animation&quot;:&quot;fadeInUp&quot;}\" data-widget_type=\"heading.default\">\n\t\t\t\t\t<h6 class=\"elementor-heading-title elementor-size-default\">Nos communaut\u00e9s<\/h6>\t\t\t\t<\/div>\n\t\t\t\t<div class=\"elementor-element elementor-element-701043b elementor-invisible elementor-widget elementor-widget-heading\" data-id=\"701043b\" data-element_type=\"widget\" data-e-type=\"widget\" data-settings=\"{&quot;_animation&quot;:&quot;fadeInUp&quot;,&quot;_animation_delay&quot;:100}\" data-widget_type=\"heading.default\">\n\t\t\t\t\t<h2 class=\"elementor-heading-title elementor-size-default\">Kitcisakik Anicinape Community\n<\/h2>\t\t\t\t<\/div>\n\t\t\t\t<div class=\"elementor-element elementor-element-a449b87 elementor-invisible elementor-widget elementor-widget-text-editor\" data-id=\"a449b87\" data-element_type=\"widget\" data-e-type=\"widget\" data-settings=\"{&quot;_animation&quot;:&quot;fadeInUp&quot;,&quot;_animation_delay&quot;:150}\" data-widget_type=\"text-editor.default\">\n\t\t\t\t\t\t\t\t\t<p>Kitcisakik, aussi connue comme la communaut\u00e9 anicinape de Kitcisakik, est une Premi\u00e8re Nation algonquine du Qu\u00e9bec reconnue pour son engagement envers l\u2019\u00e9ducation en milieu naturel, les initiatives de r\u00e9conciliation et la revitalisation culturelle.<\/p><p>Le site historique de Grand-Lac-Victoria demeure un symbole important de continuit\u00e9 et d\u2019identit\u00e9 communautaire.<br \/><br \/><strong>Informations cl\u00e9s :<\/strong><\/p>\t\t\t\t\t\t\t\t<\/div>\n\t\t\t\t<div class=\"elementor-element elementor-element-67a9f96 elementor-invisible elementor-widget elementor-widget-text-editor\" data-id=\"67a9f96\" data-element_type=\"widget\" data-e-type=\"widget\" data-settings=\"{&quot;_animation&quot;:&quot;fadeInUp&quot;,&quot;_animation_delay&quot;:150}\" data-widget_type=\"text-editor.default\">\n\t\t\t\t\t\t\t\t\t<ul>\n \t<li><strong style=\"color: #d98042;\">Localisation :<\/strong> R\u00e9gion de l\u2019Abitibi-T\u00e9miscamingue, Qu\u00e9bec;<\/li>\n \t<li><strong style=\"color: #d98042;\">Nom de la communaut\u00e9 :<\/strong> Grand-Lac-Victoria Indian Settlement.<\/li>\n<\/ul>\t\t\t\t\t\t\t\t<\/div>\n\t\t\t\t<div class=\"elementor-element elementor-element-a712a9e elementor-invisible elementor-widget elementor-widget-text-editor\" data-id=\"a712a9e\" data-element_type=\"widget\" data-e-type=\"widget\" data-settings=\"{&quot;_animation&quot;:&quot;fadeInUp&quot;,&quot;_animation_delay&quot;:150}\" data-widget_type=\"text-editor.default\">\n\t\t\t\t\t\t\t\t\t<p><strong>Initiatives cl\u00e9s :<\/strong><\/p>\t\t\t\t\t\t\t\t<\/div>\n\t\t\t\t<div class=\"elementor-element elementor-element-4aef79e elementor-invisible elementor-widget elementor-widget-text-editor\" data-id=\"4aef79e\" data-element_type=\"widget\" data-e-type=\"widget\" data-settings=\"{&quot;_animation&quot;:&quot;fadeInUp&quot;,&quot;_animation_delay&quot;:150}\" data-widget_type=\"text-editor.default\">\n\t\t\t\t\t\t\t\t\t<ul>\n \t<li>Entente-cadre de nation \u00e0 nation sign\u00e9e avec le Canada en 2023 pour la reconnaissance des droits;<\/li>\n \t<li>Programmes d\u2019immersion culturelle favorisant la r\u00e9conciliation par l\u2019apprentissage en milieu naturel;<\/li>\n \t<li>Transmission de savoirs par les A\u00een\u00e9s pour renforcer la continuit\u00e9 culturelle;<\/li>\n \t<li>Reconnaissance de Grand-Lac-Victoria comme site historique du Qu\u00e9bec (2021).<\/li>\n<\/ul>\t\t\t\t\t\t\t\t<\/div>\n\t\t\t\t\t<\/div>\n\t\t<\/div>\n\t\t\t\t\t<\/div>\n\t\t<\/section>\n\t\t\t\t<section class=\"elementor-section elementor-top-section elementor-element elementor-element-5a2d624 elementor-section-boxed elementor-section-height-default elementor-section-height-default\" data-id=\"5a2d624\" data-element_type=\"section\" data-e-type=\"section\" data-settings=\"{&quot;background_background&quot;:&quot;classic&quot;}\">\n\t\t\t\t\t\t<div class=\"elementor-container elementor-column-gap-wide\">\n\t\t\t\t\t<div class=\"elementor-column elementor-col-50 elementor-top-column elementor-element elementor-element-e4afbdb\" data-id=\"e4afbdb\" data-element_type=\"column\" data-e-type=\"column\">\n\t\t\t<div class=\"elementor-widget-wrap elementor-element-populated\">\n\t\t\t\t\t\t<div class=\"elementor-element elementor-element-ebbbe0c elementor-invisible elementor-widget elementor-widget-heading\" data-id=\"ebbbe0c\" data-element_type=\"widget\" data-e-type=\"widget\" data-settings=\"{&quot;_animation&quot;:&quot;fadeInUp&quot;}\" data-widget_type=\"heading.default\">\n\t\t\t\t\t<h6 class=\"elementor-heading-title elementor-size-default\">Nos communaut\u00e9s<\/h6>\t\t\t\t<\/div>\n\t\t\t\t<div class=\"elementor-element elementor-element-e827812 elementor-invisible elementor-widget elementor-widget-heading\" data-id=\"e827812\" data-element_type=\"widget\" data-e-type=\"widget\" data-settings=\"{&quot;_animation&quot;:&quot;fadeInUp&quot;,&quot;_animation_delay&quot;:100}\" data-widget_type=\"heading.default\">\n\t\t\t\t\t<h2 class=\"elementor-heading-title elementor-size-default\">Nation Anishnabe du Lac Simon<\/h2>\t\t\t\t<\/div>\n\t\t\t\t<div class=\"elementor-element elementor-element-fd3e0f4 elementor-invisible elementor-widget elementor-widget-text-editor\" data-id=\"fd3e0f4\" data-element_type=\"widget\" data-e-type=\"widget\" data-settings=\"{&quot;_animation&quot;:&quot;fadeInUp&quot;,&quot;_animation_delay&quot;:150}\" data-widget_type=\"text-editor.default\">\n\t\t\t\t\t\t\t\t\t<p>Lac Simon, aussi connu comme la Nation Anishnabe du Lac Simon, est une communaut\u00e9 algonquine du Qu\u00e9bec situ\u00e9e pr\u00e8s de Val-d\u2019Or. La communaut\u00e9 est reconnue pour ses fortes valeurs culturelles, ses liens familiaux solides et une population jeune.<br \/><br \/><strong>Informations cl\u00e9s :<\/strong><\/p>\t\t\t\t\t\t\t\t<\/div>\n\t\t\t\t<div class=\"elementor-element elementor-element-2c36e49 elementor-invisible elementor-widget elementor-widget-text-editor\" data-id=\"2c36e49\" data-element_type=\"widget\" data-e-type=\"widget\" data-settings=\"{&quot;_animation&quot;:&quot;fadeInUp&quot;,&quot;_animation_delay&quot;:150}\" data-widget_type=\"text-editor.default\">\n\t\t\t\t\t\t\t\t\t<ul>\n \t<li><strong style=\"color: #d98042;\">Localisation :<\/strong> Abitibi-T\u00e9miscamingue, Qu\u00e9bec, \u00e0 environ 32 km au sud-est de Val-d\u2019Or;<\/li>\n \t<li><strong style=\"color: #d98042;\">Reconnaissance :<\/strong> Officiellement reconnue en 1962, avec des racines au d\u00e9but des ann\u00e9es 1900\n;<\/li>\n \t<li><strong style=\"color: #d98042;\">Population :<\/strong> Environ 2 300 membres, dont plusieurs vivent sur la r\u00e9serve;<\/li>\n \t<li><strong style=\"color: #d98042;\">Jeunesse :<\/strong> Plus de 40 % de la population a moins de 14 ans.<\/li>\n<\/ul>\t\t\t\t\t\t\t\t<\/div>\n\t\t\t\t<div class=\"elementor-element elementor-element-49e4cc3 elementor-invisible elementor-widget elementor-widget-text-editor\" data-id=\"49e4cc3\" data-element_type=\"widget\" data-e-type=\"widget\" data-settings=\"{&quot;_animation&quot;:&quot;fadeInUp&quot;,&quot;_animation_delay&quot;:150}\" data-widget_type=\"text-editor.default\">\n\t\t\t\t\t\t\t\t\t<p><strong>Forces communautaires :<\/strong><\/p>\t\t\t\t\t\t\t\t<\/div>\n\t\t\t\t<div class=\"elementor-element elementor-element-4d796ad elementor-invisible elementor-widget elementor-widget-text-editor\" data-id=\"4d796ad\" data-element_type=\"widget\" data-e-type=\"widget\" data-settings=\"{&quot;_animation&quot;:&quot;fadeInUp&quot;,&quot;_animation_delay&quot;:150}\" data-widget_type=\"text-editor.default\">\n\t\t\t\t\t\t\t\t\t<ul>\n \t<li>Lien profond avec les terres traditionnelles et l\u2019identit\u00e9 culturelle;<\/li>\n \t<li>Apprentissage pratique appuy\u00e9 par les A\u00een\u00e9s et la for\u00eat;<\/li>\n \t<li>Transmission de l\u2019\u00e9ducation et du patrimoine par les enseignements communautaires et le territoire;<\/li>\n \t<li>Tourisme et activit\u00e9s r\u00e9cr\u00e9atives li\u00e9es au lac et aux environs.<\/li>\n<\/ul>\t\t\t\t\t\t\t\t<\/div>\n\t\t\t\t\t<\/div>\n\t\t<\/div>\n\t\t\t\t<div class=\"elementor-column elementor-col-50 elementor-top-column elementor-element elementor-element-5391ac9\" data-id=\"5391ac9\" data-element_type=\"column\" data-e-type=\"column\">\n\t\t\t<div class=\"elementor-widget-wrap elementor-element-populated\">\n\t\t\t\t\t\t<div class=\"elementor-element elementor-element-f7fe020 elementor-invisible elementor-widget elementor-widget-image\" data-id=\"f7fe020\" data-element_type=\"widget\" data-e-type=\"widget\" data-settings=\"{&quot;_animation&quot;:&quot;fadeInLeft&quot;,&quot;_animation_delay&quot;:50}\" data-widget_type=\"image.default\">\n\t\t\t\t\t\t\t\t\t\t\t\t\t\t\t<img alt=\"\" loading=\"lazy\" decoding=\"async\" width=\"163\" height=\"166\" src=\"https:\/\/aalliance.ca\/wp-content\/uploads\/2026\/01\/logo-site-Lac-simon-e1769599683632.png\" class=\"attachment-large size-large wp-image-1174\" alt=\"\" \/>\t\t\t\t\t\t\t\t\t\t\t\t\t\t\t<\/div>\n\t\t\t\t\t<\/div>\n\t\t<\/div>\n\t\t\t\t\t<\/div>\n\t\t<\/section>\n\t\t\t\t<section class=\"elementor-section elementor-top-section elementor-element elementor-element-d9bf10f elementor-section-boxed elementor-section-height-default elementor-section-height-default\" data-id=\"d9bf10f\" data-element_type=\"section\" data-e-type=\"section\">\n\t\t\t\t\t\t<div class=\"elementor-container elementor-column-gap-wide\">\n\t\t\t\t\t<div class=\"elementor-column elementor-col-50 elementor-top-column elementor-element elementor-element-fd76f01\" data-id=\"fd76f01\" data-element_type=\"column\" data-e-type=\"column\" data-settings=\"{&quot;background_background&quot;:&quot;classic&quot;}\">\n\t\t\t<div class=\"elementor-widget-wrap elementor-element-populated\">\n\t\t\t\t\t\t<div class=\"elementor-element elementor-element-c0167eb elementor-invisible elementor-widget elementor-widget-image\" data-id=\"c0167eb\" data-element_type=\"widget\" data-e-type=\"widget\" data-settings=\"{&quot;_animation&quot;:&quot;fadeInLeft&quot;,&quot;_animation_delay&quot;:50}\" data-widget_type=\"image.default\">\n\t\t\t\t\t\t\t\t\t\t\t\t\t\t\t<img alt=\"\" loading=\"lazy\" decoding=\"async\" width=\"800\" height=\"673\" src=\"https:\/\/aalliance.ca\/wp-content\/uploads\/2026\/01\/Abitibiwinni-1024x862.png\" class=\"attachment-large size-large wp-image-1175\" alt=\"\" srcset=\"https:\/\/aalliance.ca\/wp-content\/uploads\/2026\/01\/Abitibiwinni-1024x862.png 1024w, https:\/\/aalliance.ca\/wp-content\/uploads\/2026\/01\/Abitibiwinni-300x252.png 300w, https:\/\/aalliance.ca\/wp-content\/uploads\/2026\/01\/Abitibiwinni-768x646.png 768w, https:\/\/aalliance.ca\/wp-content\/uploads\/2026\/01\/Abitibiwinni.png 1280w\" sizes=\"(max-width: 800px) 100vw, 800px\" \/>\t\t\t\t\t\t\t\t\t\t\t\t\t\t\t<\/div>\n\t\t\t\t\t<\/div>\n\t\t<\/div>\n\t\t\t\t<div class=\"elementor-column elementor-col-50 elementor-top-column elementor-element elementor-element-3938bb1 order_1\" data-id=\"3938bb1\" data-element_type=\"column\" data-e-type=\"column\">\n\t\t\t<div class=\"elementor-widget-wrap elementor-element-populated\">\n\t\t\t\t\t\t<div class=\"elementor-element elementor-element-e298cad elementor-invisible elementor-widget elementor-widget-heading\" data-id=\"e298cad\" data-element_type=\"widget\" data-e-type=\"widget\" data-settings=\"{&quot;_animation&quot;:&quot;fadeInUp&quot;}\" data-widget_type=\"heading.default\">\n\t\t\t\t\t<h6 class=\"elementor-heading-title elementor-size-default\">Nos communaut\u00e9s<\/h6>\t\t\t\t<\/div>\n\t\t\t\t<div class=\"elementor-element elementor-element-98eca3a elementor-invisible elementor-widget elementor-widget-heading\" data-id=\"98eca3a\" data-element_type=\"widget\" data-e-type=\"widget\" data-settings=\"{&quot;_animation&quot;:&quot;fadeInUp&quot;,&quot;_animation_delay&quot;:100}\" data-widget_type=\"heading.default\">\n\t\t\t\t\t<h2 class=\"elementor-heading-title elementor-size-default\">Abitibiwinni First Nation (Pikogan)\n<\/h2>\t\t\t\t<\/div>\n\t\t\t\t<div class=\"elementor-element elementor-element-c66d402 elementor-invisible elementor-widget elementor-widget-text-editor\" data-id=\"c66d402\" data-element_type=\"widget\" data-e-type=\"widget\" data-settings=\"{&quot;_animation&quot;:&quot;fadeInUp&quot;,&quot;_animation_delay&quot;:150}\" data-widget_type=\"text-editor.default\">\n\t\t\t\t\t\t\t\t\t<p>Abitibiwinni est une communaut\u00e9 autochtone algonquienne situ\u00e9e \u00e0 Pikogan, au Qu\u00e9bec, pr\u00e8s d\u2019Amos. Son territoire traditionnel est centr\u00e9 autour du lac Abitibi, un lieu important sur le plan culturel et \u00e9cologique.<\/p><p>La communaut\u00e9 s\u2019implique activement en protection de l\u2019environnement, en gestion durable du territoire et dans les enjeux li\u00e9s au d\u00e9veloppement des ressources.<\/p><p><strong>Informations cl\u00e9s :<\/strong><\/p>\t\t\t\t\t\t\t\t<\/div>\n\t\t\t\t<div class=\"elementor-element elementor-element-51da08b elementor-invisible elementor-widget elementor-widget-text-editor\" data-id=\"51da08b\" data-element_type=\"widget\" data-e-type=\"widget\" data-settings=\"{&quot;_animation&quot;:&quot;fadeInUp&quot;,&quot;_animation_delay&quot;:150}\" data-widget_type=\"text-editor.default\">\n\t\t\t\t\t\t\t\t\t<ul>\n \t<li><strong style=\"color: #d98042;\">Localisation :<\/strong> Abitibi-T\u00e9miscamingue, Qu\u00e9bec;<\/li>\n \t<li><strong style=\"color: #d98042;\">Langue :<\/strong> Anicinape;<\/li>\n \t<li><strong style=\"color: #d98042;\">Gouvernance :<\/strong> Dirig\u00e9e par un Chef, un Vice-Chef et des Conseillers \u00e9lus selon la coutume;<\/li>\n \t<li><strong style=\"color: #d98042;\">Territoire traditionnel :<\/strong> Lac Abitibi et r\u00e9gions environnantes.<\/li>\n<\/ul>\t\t\t\t\t\t\t\t<\/div>\n\t\t\t\t<div class=\"elementor-element elementor-element-c709dd8 elementor-invisible elementor-widget elementor-widget-text-editor\" data-id=\"c709dd8\" data-element_type=\"widget\" data-e-type=\"widget\" data-settings=\"{&quot;_animation&quot;:&quot;fadeInUp&quot;,&quot;_animation_delay&quot;:150}\" data-widget_type=\"text-editor.default\">\n\t\t\t\t\t\t\t\t\t<p><strong>Priorit\u00e9s communautaires :<\/strong><\/p>\t\t\t\t\t\t\t\t<\/div>\n\t\t\t\t<div class=\"elementor-element elementor-element-22fade6 elementor-invisible elementor-widget elementor-widget-text-editor\" data-id=\"22fade6\" data-element_type=\"widget\" data-e-type=\"widget\" data-settings=\"{&quot;_animation&quot;:&quot;fadeInUp&quot;,&quot;_animation_delay&quot;:150}\" data-widget_type=\"text-editor.default\">\n\t\t\t\t\t\t\t\t\t<ul>\n \t<li>Protection de la biodiversit\u00e9 et de la faune, incluant la gestion du caribou;<\/li>\n \t<li>D\u00e9marches li\u00e9es aux impacts du d\u00e9veloppement minier et forestier;<\/li>\n \t<li>Outils de cartographie et planification territoriale pour soutenir la gestion \u00e0 long terme;<\/li>\n \t<li>Renforcement des relations et promotion d\u2019approches \u00e9quitables de d\u00e9veloppement.<\/li>\n<\/ul>\t\t\t\t\t\t\t\t<\/div>\n\t\t\t\t\t<\/div>\n\t\t<\/div>\n\t\t\t\t\t<\/div>\n\t\t<\/section>\n\t\t\t\t<section class=\"elementor-section elementor-top-section elementor-element elementor-element-abb5ede elementor-section-boxed elementor-section-height-default elementor-section-height-default\" data-id=\"abb5ede\" data-element_type=\"section\" data-e-type=\"section\" data-settings=\"{&quot;background_background&quot;:&quot;classic&quot;}\">\n\t\t\t\t\t\t<div class=\"elementor-container elementor-column-gap-wide\">\n\t\t\t\t\t<div class=\"elementor-column elementor-col-50 elementor-top-column elementor-element elementor-element-3e35a4d\" data-id=\"3e35a4d\" data-element_type=\"column\" data-e-type=\"column\">\n\t\t\t<div class=\"elementor-widget-wrap elementor-element-populated\">\n\t\t\t\t\t\t<div class=\"elementor-element elementor-element-05ced30 elementor-invisible elementor-widget elementor-widget-heading\" data-id=\"05ced30\" data-element_type=\"widget\" data-e-type=\"widget\" data-settings=\"{&quot;_animation&quot;:&quot;fadeInUp&quot;}\" data-widget_type=\"heading.default\">\n\t\t\t\t\t<h6 class=\"elementor-heading-title elementor-size-default\">Nos communaut\u00e9s<\/h6>\t\t\t\t<\/div>\n\t\t\t\t<div class=\"elementor-element elementor-element-65f4eab elementor-invisible elementor-widget elementor-widget-heading\" data-id=\"65f4eab\" data-element_type=\"widget\" data-e-type=\"widget\" data-settings=\"{&quot;_animation&quot;:&quot;fadeInUp&quot;,&quot;_animation_delay&quot;:100}\" data-widget_type=\"heading.default\">\n\t\t\t\t\t<h2 class=\"elementor-heading-title elementor-size-default\">Long Point First Nation (Winneway)\n<\/h2>\t\t\t\t<\/div>\n\t\t\t\t<div class=\"elementor-element elementor-element-ba182d5 elementor-invisible elementor-widget elementor-widget-text-editor\" data-id=\"ba182d5\" data-element_type=\"widget\" data-e-type=\"widget\" data-settings=\"{&quot;_animation&quot;:&quot;fadeInUp&quot;,&quot;_animation_delay&quot;:150}\" data-widget_type=\"text-editor.default\">\n\t\t\t\t\t\t\t\t\t<p>Long Point First Nation est situ\u00e9e en Abitibi-T\u00e9miscamingue, au Qu\u00e9bec, et demeure accessible \u00e0 l\u2019ann\u00e9e. La communaut\u00e9 continue de renforcer son identit\u00e9 culturelle tout en soutenant des initiatives qui am\u00e9liorent la qualit\u00e9 de vie de ses membres.<\/p><p>Les sept enseignements des grands-p\u00e8res guident la gouvernance et les valeurs de la communaut\u00e9.<br \/><br \/><strong>Informations cl\u00e9s :<\/strong><\/p>\t\t\t\t\t\t\t\t<\/div>\n\t\t\t\t<div class=\"elementor-element elementor-element-b262579 elementor-invisible elementor-widget elementor-widget-text-editor\" data-id=\"b262579\" data-element_type=\"widget\" data-e-type=\"widget\" data-settings=\"{&quot;_animation&quot;:&quot;fadeInUp&quot;,&quot;_animation_delay&quot;:150}\" data-widget_type=\"text-editor.default\">\n\t\t\t\t\t\t\t\t\t<ul>\n \t<li><strong style=\"color: #d98042;\">Localisation :<\/strong> Est de l\u2019Abitibi-T\u00e9miscamingue, Qu\u00e9bec;<\/li>\n \t<li><strong style=\"color: #d98042;\">Communaut\u00e9 :<\/strong> Winneway;<\/li>\n \t<li><strong style=\"color: #d98042;\">Acc\u00e8s :<\/strong> Route accessible \u00e0 l\u2019ann\u00e9e via Laforce ou Rapide-Sept.<\/li>\n<\/ul>\t\t\t\t\t\t\t\t<\/div>\n\t\t\t\t<div class=\"elementor-element elementor-element-d9928f3 elementor-invisible elementor-widget elementor-widget-text-editor\" data-id=\"d9928f3\" data-element_type=\"widget\" data-e-type=\"widget\" data-settings=\"{&quot;_animation&quot;:&quot;fadeInUp&quot;,&quot;_animation_delay&quot;:150}\" data-widget_type=\"text-editor.default\">\n\t\t\t\t\t\t\t\t\t<p><strong>Axes de d\u00e9veloppement :<\/strong><\/p>\t\t\t\t\t\t\t\t<\/div>\n\t\t\t\t<div class=\"elementor-element elementor-element-20e91c0 elementor-invisible elementor-widget elementor-widget-text-editor\" data-id=\"20e91c0\" data-element_type=\"widget\" data-e-type=\"widget\" data-settings=\"{&quot;_animation&quot;:&quot;fadeInUp&quot;,&quot;_animation_delay&quot;:150}\" data-widget_type=\"text-editor.default\">\n\t\t\t\t\t\t\t\t\t<ul>\n \t<li>Initiatives en \u00e9ducation, sant\u00e9, logement et pr\u00e9servation culturelle;<\/li>\n \t<li>Histoire li\u00e9e aux anciens \u00e9tablissements et aux relocalisations communautaires;<\/li>\n \t<li>Lien fort avec l\u2019h\u00e9ritage et les enseignements anicinape.<\/li>\n<\/ul>\t\t\t\t\t\t\t\t<\/div>\n\t\t\t\t\t<\/div>\n\t\t<\/div>\n\t\t\t\t<div class=\"elementor-column elementor-col-50 elementor-top-column elementor-element elementor-element-f4b33aa\" data-id=\"f4b33aa\" data-element_type=\"column\" data-e-type=\"column\">\n\t\t\t<div class=\"elementor-widget-wrap elementor-element-populated\">\n\t\t\t\t\t\t<div class=\"elementor-element elementor-element-21b7cf9 elementor-invisible elementor-widget elementor-widget-image\" data-id=\"21b7cf9\" data-element_type=\"widget\" data-e-type=\"widget\" data-settings=\"{&quot;_animation&quot;:&quot;fadeInLeft&quot;,&quot;_animation_delay&quot;:50}\" data-widget_type=\"image.default\">\n\t\t\t\t\t\t\t\t\t\t\t\t\t\t\t<img alt=\"\" loading=\"lazy\" decoding=\"async\" width=\"800\" height=\"800\" src=\"https:\/\/aalliance.ca\/wp-content\/uploads\/2026\/01\/Long-point-first-nation-white.svg\" class=\"attachment-large size-large wp-image-1176\" alt=\"\" \/>\t\t\t\t\t\t\t\t\t\t\t\t\t\t\t<\/div>\n\t\t\t\t\t<\/div>\n\t\t<\/div>\n\t\t\t\t\t<\/div>\n\t\t<\/section>\n\t\t\t\t<section class=\"elementor-section elementor-top-section elementor-element elementor-element-224d07a elementor-section-boxed elementor-section-height-default elementor-section-height-default\" data-id=\"224d07a\" data-element_type=\"section\" data-e-type=\"section\">\n\t\t\t\t\t\t<div class=\"elementor-container elementor-column-gap-wide\">\n\t\t\t\t\t<div class=\"elementor-column elementor-col-50 elementor-top-column elementor-element elementor-element-8fb2a4a\" data-id=\"8fb2a4a\" data-element_type=\"column\" data-e-type=\"column\" data-settings=\"{&quot;background_background&quot;:&quot;classic&quot;}\">\n\t\t\t<div class=\"elementor-widget-wrap elementor-element-populated\">\n\t\t\t\t\t\t<div class=\"elementor-element elementor-element-96ca4d6 elementor-invisible elementor-widget elementor-widget-image\" data-id=\"96ca4d6\" data-element_type=\"widget\" data-e-type=\"widget\" data-settings=\"{&quot;_animation&quot;:&quot;fadeInLeft&quot;,&quot;_animation_delay&quot;:50}\" data-widget_type=\"image.default\">\n\t\t\t\t\t\t\t\t\t\t\t\t\t\t\t<img alt=\"\" loading=\"lazy\" decoding=\"async\" width=\"187\" height=\"275\" src=\"https:\/\/aalliance.ca\/wp-content\/uploads\/2026\/01\/Timiskaming-First-Nation-e1769600614217.gif\" class=\"attachment-large size-large wp-image-1179\" alt=\"\" \/>\t\t\t\t\t\t\t\t\t\t\t\t\t\t\t<\/div>\n\t\t\t\t\t<\/div>\n\t\t<\/div>\n\t\t\t\t<div class=\"elementor-column elementor-col-50 elementor-top-column elementor-element elementor-element-226d1fe order_1\" data-id=\"226d1fe\" data-element_type=\"column\" data-e-type=\"column\">\n\t\t\t<div class=\"elementor-widget-wrap elementor-element-populated\">\n\t\t\t\t\t\t<div class=\"elementor-element elementor-element-8281a21 elementor-invisible elementor-widget elementor-widget-heading\" data-id=\"8281a21\" data-element_type=\"widget\" data-e-type=\"widget\" data-settings=\"{&quot;_animation&quot;:&quot;fadeInUp&quot;}\" data-widget_type=\"heading.default\">\n\t\t\t\t\t<h6 class=\"elementor-heading-title elementor-size-default\">Nos communaut\u00e9s<\/h6>\t\t\t\t<\/div>\n\t\t\t\t<div class=\"elementor-element elementor-element-75fe71d elementor-invisible elementor-widget elementor-widget-heading\" data-id=\"75fe71d\" data-element_type=\"widget\" data-e-type=\"widget\" data-settings=\"{&quot;_animation&quot;:&quot;fadeInUp&quot;,&quot;_animation_delay&quot;:100}\" data-widget_type=\"heading.default\">\n\t\t\t\t\t<h2 class=\"elementor-heading-title elementor-size-default\">Timiskaming First Nation\n<\/h2>\t\t\t\t<\/div>\n\t\t\t\t<div class=\"elementor-element elementor-element-c6b55fa elementor-invisible elementor-widget elementor-widget-text-editor\" data-id=\"c6b55fa\" data-element_type=\"widget\" data-e-type=\"widget\" data-settings=\"{&quot;_animation&quot;:&quot;fadeInUp&quot;,&quot;_animation_delay&quot;:150}\" data-widget_type=\"text-editor.default\">\n\t\t\t\t\t\t\t\t\t<p>Timiskaming First Nation est une communaut\u00e9 algonquine de l\u2019Abitibi-T\u00e9miscamingue, situ\u00e9e pr\u00e8s de Notre-Dame-du-Nord, \u00e0 la t\u00eate du lac T\u00e9miscamingue.<\/p><p>La communaut\u00e9 soutient la continuit\u00e9 culturelle ainsi que des initiatives \u00e9conomiques dans des secteurs comme l\u2019exploitation foresti\u00e8re, l\u2019agriculture, le tourisme, la construction et l\u2019entrepreneuriat local.<br \/><br \/><strong>Informations cl\u00e9s :<\/strong><\/p>\t\t\t\t\t\t\t\t<\/div>\n\t\t\t\t<div class=\"elementor-element elementor-element-604affc elementor-invisible elementor-widget elementor-widget-text-editor\" data-id=\"604affc\" data-element_type=\"widget\" data-e-type=\"widget\" data-settings=\"{&quot;_animation&quot;:&quot;fadeInUp&quot;,&quot;_animation_delay&quot;:150}\" data-widget_type=\"text-editor.default\">\n\t\t\t\t\t\t\t\t\t<ul>\n \t<li><strong style=\"color: #d98042;\">Localisation :<\/strong> R\u00e9gion du lac T\u00e9miscamingue, Qu\u00e9bec;<\/li>\n \t<li><strong style=\"color: #d98042;\">Vie communautaire :<\/strong> \u00c9cole Kiwetin (de la maternelle \u00e0 la 8e ann\u00e9e);<\/li>\n \t<li><strong style=\"color: #d98042;\">Langues :<\/strong> Plusieurs membres parlent l\u2019anglais comme premi\u00e8re langue, suivi du fran\u00e7ais.<\/li>\n<\/ul>\t\t\t\t\t\t\t\t<\/div>\n\t\t\t\t<div class=\"elementor-element elementor-element-3ca00d3 elementor-invisible elementor-widget elementor-widget-text-editor\" data-id=\"3ca00d3\" data-element_type=\"widget\" data-e-type=\"widget\" data-settings=\"{&quot;_animation&quot;:&quot;fadeInUp&quot;,&quot;_animation_delay&quot;:150}\" data-widget_type=\"text-editor.default\">\n\t\t\t\t\t\t\t\t\t<p><strong>Initiatives cl\u00e9s :<\/strong><\/p>\t\t\t\t\t\t\t\t<\/div>\n\t\t\t\t<div class=\"elementor-element elementor-element-4ca5752 elementor-invisible elementor-widget elementor-widget-text-editor\" data-id=\"4ca5752\" data-element_type=\"widget\" data-e-type=\"widget\" data-settings=\"{&quot;_animation&quot;:&quot;fadeInUp&quot;,&quot;_animation_delay&quot;:150}\" data-widget_type=\"text-editor.default\">\n\t\t\t\t\t\t\t\t\t<ul>\n \t<li>Cogestion du lieu historique national Obadjiwan Fort T\u00e9miscamingue;<\/li>\n \t<li>Projets de suivi environnemental li\u00e9s \u00e0 la faune et aux migrations;<\/li>\n \t<li>D\u00e9veloppement de services de sant\u00e9 et de programmes pour la petite enfance;<\/li>\n \t<li>D\u00e9marches continues li\u00e9es aux revendications territoriales et aux n\u00e9gociations.<\/li>\n<\/ul>\t\t\t\t\t\t\t\t<\/div>\n\t\t\t\t\t<\/div>\n\t\t<\/div>\n\t\t\t\t\t<\/div>\n\t\t<\/section>\n\t\t\t\t<section class=\"elementor-section elementor-top-section elementor-element elementor-element-88b54b7 elementor-section-boxed elementor-section-height-default elementor-section-height-default\" data-id=\"88b54b7\" data-element_type=\"section\" data-e-type=\"section\" data-settings=\"{&quot;background_background&quot;:&quot;classic&quot;}\">\n\t\t\t\t\t\t<div class=\"elementor-container elementor-column-gap-wide\">\n\t\t\t\t\t<div class=\"elementor-column elementor-col-50 elementor-top-column elementor-element elementor-element-76843eb\" data-id=\"76843eb\" data-element_type=\"column\" data-e-type=\"column\">\n\t\t\t<div class=\"elementor-widget-wrap elementor-element-populated\">\n\t\t\t\t\t\t<div class=\"elementor-element elementor-element-49049d6 elementor-invisible elementor-widget elementor-widget-heading\" data-id=\"49049d6\" data-element_type=\"widget\" data-e-type=\"widget\" data-settings=\"{&quot;_animation&quot;:&quot;fadeInUp&quot;}\" data-widget_type=\"heading.default\">\n\t\t\t\t\t<h6 class=\"elementor-heading-title elementor-size-default\">Nos communaut\u00e9s<\/h6>\t\t\t\t<\/div>\n\t\t\t\t<div class=\"elementor-element elementor-element-8d68dd6 elementor-invisible elementor-widget elementor-widget-heading\" data-id=\"8d68dd6\" data-element_type=\"widget\" data-e-type=\"widget\" data-settings=\"{&quot;_animation&quot;:&quot;fadeInUp&quot;,&quot;_animation_delay&quot;:100}\" data-widget_type=\"heading.default\">\n\t\t\t\t\t<h2 class=\"elementor-heading-title elementor-size-default\">Kebaowek First Nation\n<\/h2>\t\t\t\t<\/div>\n\t\t\t\t<div class=\"elementor-element elementor-element-a6ab88c elementor-invisible elementor-widget elementor-widget-text-editor\" data-id=\"a6ab88c\" data-element_type=\"widget\" data-e-type=\"widget\" data-settings=\"{&quot;_animation&quot;:&quot;fadeInUp&quot;,&quot;_animation_delay&quot;:150}\" data-widget_type=\"text-editor.default\">\n\t\t\t\t\t\t\t\t\t<p>Kebaowek est une communaut\u00e9 anishinabeg situ\u00e9e sur le lac Kipawa, pr\u00e8s de T\u00e9miscaming, au Qu\u00e9bec. Elle est reconnue pour son identit\u00e9 culturelle forte, sa d\u00e9fense de l\u2019environnement et son engagement envers l\u2019autod\u00e9termination.<\/p><p><strong>Informations cl\u00e9s :<\/strong><\/p>\t\t\t\t\t\t\t\t<\/div>\n\t\t\t\t<div class=\"elementor-element elementor-element-4081e0d elementor-invisible elementor-widget elementor-widget-text-editor\" data-id=\"4081e0d\" data-element_type=\"widget\" data-e-type=\"widget\" data-settings=\"{&quot;_animation&quot;:&quot;fadeInUp&quot;,&quot;_animation_delay&quot;:150}\" data-widget_type=\"text-editor.default\">\n\t\t\t\t\t\t\t\t\t<ul>\n \t<li><strong style=\"color: #d98042;\">Localisation :<\/strong> Lac Kipawa, Qu\u00e9bec, pr\u00e8s de la fronti\u00e8re ontarienne;<\/li>\n \t<li><strong style=\"color: #d98042;\">Gouvernance :<\/strong> Droit coutumier et leadership ax\u00e9 sur des valeurs de nation \u00e0 nation;<\/li>\n \t<li><strong style=\"color: #d98042;\">Services :<\/strong> Sant\u00e9, \u00e9ducation, logement et services sociaux.<\/li>\n<\/ul>\t\t\t\t\t\t\t\t<\/div>\n\t\t\t\t<div class=\"elementor-element elementor-element-967aa8e elementor-invisible elementor-widget elementor-widget-text-editor\" data-id=\"967aa8e\" data-element_type=\"widget\" data-e-type=\"widget\" data-settings=\"{&quot;_animation&quot;:&quot;fadeInUp&quot;,&quot;_animation_delay&quot;:150}\" data-widget_type=\"text-editor.default\">\n\t\t\t\t\t\t\t\t\t<p><strong>Priorit\u00e9s cl\u00e9s :<\/strong><\/p>\t\t\t\t\t\t\t\t<\/div>\n\t\t\t\t<div class=\"elementor-element elementor-element-8ea8beb elementor-invisible elementor-widget elementor-widget-text-editor\" data-id=\"8ea8beb\" data-element_type=\"widget\" data-e-type=\"widget\" data-settings=\"{&quot;_animation&quot;:&quot;fadeInUp&quot;,&quot;_animation_delay&quot;:150}\" data-widget_type=\"text-editor.default\">\n\t\t\t\t\t\t\t\t\t<ul>\n \t<li>Gestion environnementale et protection des terres et de l\u2019eau;<\/li>\n \t<li>Revitalisation linguistique et pr\u00e9servation culturelle;<\/li>\n \t<li>D\u00e9veloppement durable b\u00e9n\u00e9fique pour les g\u00e9n\u00e9rations futures;<\/li>\n \t<li>Infrastructures culturelles et initiatives de mieux-\u00eatre \u00e0 long terme.<\/li>\n<\/ul>\t\t\t\t\t\t\t\t<\/div>\n\t\t\t\t\t<\/div>\n\t\t<\/div>\n\t\t\t\t<div class=\"elementor-column elementor-col-50 elementor-top-column elementor-element elementor-element-bea2654\" data-id=\"bea2654\" data-element_type=\"column\" data-e-type=\"column\">\n\t\t\t<div class=\"elementor-widget-wrap elementor-element-populated\">\n\t\t\t\t\t\t<div class=\"elementor-element elementor-element-1a33985 elementor-invisible elementor-widget elementor-widget-image\" data-id=\"1a33985\" data-element_type=\"widget\" data-e-type=\"widget\" data-settings=\"{&quot;_animation&quot;:&quot;fadeInLeft&quot;,&quot;_animation_delay&quot;:50}\" data-widget_type=\"image.default\">\n\t\t\t\t\t\t\t\t\t\t\t\t\t\t\t<img alt=\"\" loading=\"lazy\" decoding=\"async\" width=\"514\" height=\"516\" src=\"https:\/\/aalliance.ca\/wp-content\/uploads\/2026\/01\/Kebaowek-First-Nation.gif\" class=\"attachment-large size-large wp-image-1180\" alt=\"\" \/>\t\t\t\t\t\t\t\t\t\t\t\t\t\t\t<\/div>\n\t\t\t\t\t<\/div>\n\t\t<\/div>\n\t\t\t\t\t<\/div>\n\t\t<\/section>\n\t\t\t\t<section class=\"elementor-section elementor-top-section elementor-element elementor-element-9cb3a46 elementor-section-boxed elementor-section-height-default elementor-section-height-default\" data-id=\"9cb3a46\" data-element_type=\"section\" data-e-type=\"section\">\n\t\t\t\t\t\t<div class=\"elementor-container elementor-column-gap-wide\">\n\t\t\t\t\t<div class=\"elementor-column elementor-col-50 elementor-top-column elementor-element elementor-element-17d43d7\" data-id=\"17d43d7\" data-element_type=\"column\" data-e-type=\"column\" data-settings=\"{&quot;background_background&quot;:&quot;classic&quot;}\">\n\t\t\t<div class=\"elementor-widget-wrap elementor-element-populated\">\n\t\t\t\t\t\t<div class=\"elementor-element elementor-element-1d4a4f3 elementor-invisible elementor-widget elementor-widget-image\" data-id=\"1d4a4f3\" data-element_type=\"widget\" data-e-type=\"widget\" data-settings=\"{&quot;_animation&quot;:&quot;fadeInLeft&quot;,&quot;_animation_delay&quot;:50}\" data-widget_type=\"image.default\">\n\t\t\t\t\t\t\t\t\t\t\t\t\t\t\t<img alt=\"\" loading=\"lazy\" decoding=\"async\" width=\"189\" height=\"189\" src=\"https:\/\/aalliance.ca\/wp-content\/uploads\/2026\/01\/Wolf-Lake-First-Nation.png\" class=\"attachment-large size-large wp-image-1181\" alt=\"\" srcset=\"https:\/\/aalliance.ca\/wp-content\/uploads\/2026\/01\/Wolf-Lake-First-Nation.png 189w, https:\/\/aalliance.ca\/wp-content\/uploads\/2026\/01\/Wolf-Lake-First-Nation-150x150.png 150w\" sizes=\"(max-width: 189px) 100vw, 189px\" \/>\t\t\t\t\t\t\t\t\t\t\t\t\t\t\t<\/div>\n\t\t\t\t\t<\/div>\n\t\t<\/div>\n\t\t\t\t<div class=\"elementor-column elementor-col-50 elementor-top-column elementor-element elementor-element-488c878 order_1\" data-id=\"488c878\" data-element_type=\"column\" data-e-type=\"column\">\n\t\t\t<div class=\"elementor-widget-wrap elementor-element-populated\">\n\t\t\t\t\t\t<div class=\"elementor-element elementor-element-70c66e5 elementor-invisible elementor-widget elementor-widget-heading\" data-id=\"70c66e5\" data-element_type=\"widget\" data-e-type=\"widget\" data-settings=\"{&quot;_animation&quot;:&quot;fadeInUp&quot;}\" data-widget_type=\"heading.default\">\n\t\t\t\t\t<h6 class=\"elementor-heading-title elementor-size-default\">Nos communaut\u00e9s<\/h6>\t\t\t\t<\/div>\n\t\t\t\t<div class=\"elementor-element elementor-element-8c16b33 elementor-invisible elementor-widget elementor-widget-heading\" data-id=\"8c16b33\" data-element_type=\"widget\" data-e-type=\"widget\" data-settings=\"{&quot;_animation&quot;:&quot;fadeInUp&quot;,&quot;_animation_delay&quot;:100}\" data-widget_type=\"heading.default\">\n\t\t\t\t\t<h2 class=\"elementor-heading-title elementor-size-default\">Wolf Lake First Nation (Mahingan Sagaigan)<\/h2>\t\t\t\t<\/div>\n\t\t\t\t<div class=\"elementor-element elementor-element-009d984 elementor-invisible elementor-widget elementor-widget-text-editor\" data-id=\"009d984\" data-element_type=\"widget\" data-e-type=\"widget\" data-settings=\"{&quot;_animation&quot;:&quot;fadeInUp&quot;,&quot;_animation_delay&quot;:150}\" data-widget_type=\"text-editor.default\">\n\t\t\t\t\t\t\t\t\t<p>Wolf Lake First Nation, aussi connue sous le nom de Mahingan Sagaigan, est une communaut\u00e9 algonquine qui affirme ses droits sur des terres traditionnelles non c\u00e9d\u00e9es au Qu\u00e9bec et en Ontario.<\/p><p>La communaut\u00e9 maintient un lien fort avec l\u2019utilisation traditionnelle du territoire tout en d\u00e9veloppant des initiatives \u00e9conomiques durables enracin\u00e9es dans la culture.<br \/><br \/><strong>Informations cl\u00e9s :<\/strong><\/p>\t\t\t\t\t\t\t\t<\/div>\n\t\t\t\t<div class=\"elementor-element elementor-element-d30b801 elementor-invisible elementor-widget elementor-widget-text-editor\" data-id=\"d30b801\" data-element_type=\"widget\" data-e-type=\"widget\" data-settings=\"{&quot;_animation&quot;:&quot;fadeInUp&quot;,&quot;_animation_delay&quot;:150}\" data-widget_type=\"text-editor.default\">\n\t\t\t\t\t\t\t\t\t<ul>\n \t<li><strong style=\"color: #d98042;\">Territoire :<\/strong> Bassins des rivi\u00e8res Kipawa et Dumoine reli\u00e9s \u00e0 la rivi\u00e8re des Outaouais;<\/li>\n \t<li><strong style=\"color: #d98042;\">Population :<\/strong> Plusieurs membres vivent hors r\u00e9serve au Qu\u00e9bec et en Ontario;<\/li>\n \t<li><strong style=\"color: #d98042;\">Gouvernance :<\/strong> Dirig\u00e9e par un Chef et un Conseil \u00e9lus.<\/li>\n<\/ul>\t\t\t\t\t\t\t\t<\/div>\n\t\t\t\t<div class=\"elementor-element elementor-element-f4b23ac elementor-invisible elementor-widget elementor-widget-text-editor\" data-id=\"f4b23ac\" data-element_type=\"widget\" data-e-type=\"widget\" data-settings=\"{&quot;_animation&quot;:&quot;fadeInUp&quot;,&quot;_animation_delay&quot;:150}\" data-widget_type=\"text-editor.default\">\n\t\t\t\t\t\t\t\t\t<p><strong>Forces communautaires :<\/strong><\/p>\t\t\t\t\t\t\t\t<\/div>\n\t\t\t\t<div class=\"elementor-element elementor-element-ca6d1d3 elementor-invisible elementor-widget elementor-widget-text-editor\" data-id=\"ca6d1d3\" data-element_type=\"widget\" data-e-type=\"widget\" data-settings=\"{&quot;_animation&quot;:&quot;fadeInUp&quot;,&quot;_animation_delay&quot;:150}\" data-widget_type=\"text-editor.default\">\n\t\t\t\t\t\t\t\t\t<ul>\n \t<li>Activit\u00e9s traditionnelles comme la chasse, la p\u00eache et la cueillette;<\/li>\n \t<li>Arts culturels et enseignements li\u00e9s au territoire et \u00e0 l\u2019identit\u00e9;<\/li>\n \t<li>Initiatives d\u2019\u00e9cotourisme et de d\u00e9veloppement durable;<\/li>\n \t<li>D\u00e9marches continues li\u00e9es aux droits et au titre ancestral.<\/li>\n<\/ul>\t\t\t\t\t\t\t\t<\/div>\n\t\t\t\t\t<\/div>\n\t\t<\/div>\n\t\t\t\t\t<\/div>\n\t\t<\/section>\n\t\t\t\t<section class=\"elementor-section elementor-top-section elementor-element elementor-element-ead6583 elementor-section-boxed elementor-section-height-default elementor-section-height-default\" data-id=\"ead6583\" data-element_type=\"section\" data-e-type=\"section\" data-settings=\"{&quot;background_background&quot;:&quot;classic&quot;}\">\n\t\t\t\t\t\t<div class=\"elementor-container elementor-column-gap-wide\">\n\t\t\t\t\t<div class=\"elementor-column elementor-col-50 elementor-top-column elementor-element elementor-element-6b3376f\" data-id=\"6b3376f\" data-element_type=\"column\" data-e-type=\"column\">\n\t\t\t<div class=\"elementor-widget-wrap elementor-element-populated\">\n\t\t\t\t\t\t<div class=\"elementor-element elementor-element-9810123 elementor-invisible elementor-widget elementor-widget-heading\" data-id=\"9810123\" data-element_type=\"widget\" data-e-type=\"widget\" data-settings=\"{&quot;_animation&quot;:&quot;fadeInUp&quot;}\" data-widget_type=\"heading.default\">\n\t\t\t\t\t<h6 class=\"elementor-heading-title elementor-size-default\">Nos communaut\u00e9s<\/h6>\t\t\t\t<\/div>\n\t\t\t\t<div class=\"elementor-element elementor-element-27aa73a elementor-invisible elementor-widget elementor-widget-heading\" data-id=\"27aa73a\" data-element_type=\"widget\" data-e-type=\"widget\" data-settings=\"{&quot;_animation&quot;:&quot;fadeInUp&quot;,&quot;_animation_delay&quot;:100}\" data-widget_type=\"heading.default\">\n\t\t\t\t\t<h2 class=\"elementor-heading-title elementor-size-default\">Algonquins of Pikwakanagan First Nation<\/h2>\t\t\t\t<\/div>\n\t\t\t\t<div class=\"elementor-element elementor-element-0054717 elementor-invisible elementor-widget elementor-widget-text-editor\" data-id=\"0054717\" data-element_type=\"widget\" data-e-type=\"widget\" data-settings=\"{&quot;_animation&quot;:&quot;fadeInUp&quot;,&quot;_animation_delay&quot;:150}\" data-widget_type=\"text-editor.default\">\n\t\t\t\t\t\t\t\t\t<p>Les Algonquins of Pikwakanagan First Nation sont une communaut\u00e9 algonquine dynamique situ\u00e9e dans la vall\u00e9e de l\u2019Outaouais en Ontario, autour de Golden Lake et de la rivi\u00e8re Bonnechere.<\/p><p>La Nation porte fi\u00e8rement ses traditions tout en d\u00e9veloppant des services communautaires et un leadership tourn\u00e9 vers l\u2019avenir.<br \/><br \/><strong>Informations cl\u00e9s :<\/strong><\/p>\t\t\t\t\t\t\t\t<\/div>\n\t\t\t\t<div class=\"elementor-element elementor-element-6ae5b49 elementor-invisible elementor-widget elementor-widget-text-editor\" data-id=\"6ae5b49\" data-element_type=\"widget\" data-e-type=\"widget\" data-settings=\"{&quot;_animation&quot;:&quot;fadeInUp&quot;,&quot;_animation_delay&quot;:150}\" data-widget_type=\"text-editor.default\">\n\t\t\t\t\t\t\t\t\t<ul>\n \t<li><strong style=\"color: #d98042;\">Localisation :<\/strong> Vall\u00e9e de l\u2019Outaouais, Ontario;<\/li>\n \t<li><strong style=\"color: #d98042;\">Culture communautaire :<\/strong> Tambours, danses, feux sacr\u00e9s et transmission interg\u00e9n\u00e9rationnelle\n;<\/li>\n \t<li><strong style=\"color: #d98042;\">Histoire :<\/strong> Plus de 10 000 ans de pr\u00e9sence sur le territoire.<\/li>\n<\/ul>\t\t\t\t\t\t\t\t<\/div>\n\t\t\t\t<div class=\"elementor-element elementor-element-c480455 elementor-invisible elementor-widget elementor-widget-text-editor\" data-id=\"c480455\" data-element_type=\"widget\" data-e-type=\"widget\" data-settings=\"{&quot;_animation&quot;:&quot;fadeInUp&quot;,&quot;_animation_delay&quot;:150}\" data-widget_type=\"text-editor.default\">\n\t\t\t\t\t\t\t\t\t<p><strong>Priorit\u00e9s communautaires :<\/strong><\/p>\t\t\t\t\t\t\t\t<\/div>\n\t\t\t\t<div class=\"elementor-element elementor-element-098ccf4 elementor-invisible elementor-widget elementor-widget-text-editor\" data-id=\"098ccf4\" data-element_type=\"widget\" data-e-type=\"widget\" data-settings=\"{&quot;_animation&quot;:&quot;fadeInUp&quot;,&quot;_animation_delay&quot;:150}\" data-widget_type=\"text-editor.default\">\n\t\t\t\t\t\t\t\t\t<ul><li>D\u00e9veloppement des infrastructures et du mieux-\u00eatre communautaire;<\/li><li>Renforcement des services de sant\u00e9 et d\u2019\u00e9ducation;<\/li><li>Gestion des terres et ententes de gouvernance;<\/li><li>Participation au leadership r\u00e9gional dans des organisations autochtones.<\/li><\/ul>\t\t\t\t\t\t\t\t<\/div>\n\t\t\t\t\t<\/div>\n\t\t<\/div>\n\t\t\t\t<div class=\"elementor-column elementor-col-50 elementor-top-column elementor-element elementor-element-62c134d\" data-id=\"62c134d\" data-element_type=\"column\" data-e-type=\"column\">\n\t\t\t<div class=\"elementor-widget-wrap elementor-element-populated\">\n\t\t\t\t\t\t<div class=\"elementor-element elementor-element-4b09715 elementor-invisible elementor-widget elementor-widget-image\" data-id=\"4b09715\" data-element_type=\"widget\" data-e-type=\"widget\" data-settings=\"{&quot;_animation&quot;:&quot;fadeInLeft&quot;,&quot;_animation_delay&quot;:50}\" data-widget_type=\"image.default\">\n\t\t\t\t\t\t\t\t\t\t\t\t\t\t\t<img alt=\"\" loading=\"lazy\" decoding=\"async\" width=\"400\" height=\"145\" src=\"https:\/\/aalliance.ca\/wp-content\/uploads\/2026\/01\/Algonquins-of-Pikwakanagan-First-Nation.png\" class=\"attachment-large size-large wp-image-1182\" alt=\"\" srcset=\"https:\/\/aalliance.ca\/wp-content\/uploads\/2026\/01\/Algonquins-of-Pikwakanagan-First-Nation.png 400w, https:\/\/aalliance.ca\/wp-content\/uploads\/2026\/01\/Algonquins-of-Pikwakanagan-First-Nation-300x109.png 300w\" sizes=\"(max-width: 400px) 100vw, 400px\" \/>\t\t\t\t\t\t\t\t\t\t\t\t\t\t\t<\/div>\n\t\t\t\t\t<\/div>\n\t\t<\/div>\n\t\t\t\t\t<\/div>\n\t\t<\/section>\n\t\t\t\t<section class=\"elementor-section elementor-top-section elementor-element elementor-element-4710fe6 elementor-section-boxed elementor-section-height-default elementor-section-height-default\" data-id=\"4710fe6\" data-element_type=\"section\" data-e-type=\"section\">\n\t\t\t\t\t\t<div class=\"elementor-container elementor-column-gap-wide\">\n\t\t\t\t\t<div class=\"elementor-column elementor-col-50 elementor-top-column elementor-element elementor-element-b41c17a\" data-id=\"b41c17a\" data-element_type=\"column\" data-e-type=\"column\" data-settings=\"{&quot;background_background&quot;:&quot;classic&quot;}\">\n\t\t\t<div class=\"elementor-widget-wrap elementor-element-populated\">\n\t\t\t\t\t\t<div class=\"elementor-element elementor-element-cdb53c7 elementor-invisible elementor-widget elementor-widget-image\" data-id=\"cdb53c7\" data-element_type=\"widget\" data-e-type=\"widget\" data-settings=\"{&quot;_animation&quot;:&quot;fadeInLeft&quot;,&quot;_animation_delay&quot;:50}\" data-widget_type=\"image.default\">\n\t\t\t\t\t\t\t\t\t\t\t\t\t\t\t<img alt=\"\" loading=\"lazy\" decoding=\"async\" width=\"800\" height=\"800\" src=\"https:\/\/aalliance.ca\/wp-content\/uploads\/2026\/01\/Apitipi-Anicinapek-Nation.svg\" class=\"attachment-large size-large wp-image-1183\" alt=\"\" \/>\t\t\t\t\t\t\t\t\t\t\t\t\t\t\t<\/div>\n\t\t\t\t\t<\/div>\n\t\t<\/div>\n\t\t\t\t<div class=\"elementor-column elementor-col-50 elementor-top-column elementor-element elementor-element-830729f order_1\" data-id=\"830729f\" data-element_type=\"column\" data-e-type=\"column\">\n\t\t\t<div class=\"elementor-widget-wrap elementor-element-populated\">\n\t\t\t\t\t\t<div class=\"elementor-element elementor-element-ffb9f96 elementor-invisible elementor-widget elementor-widget-heading\" data-id=\"ffb9f96\" data-element_type=\"widget\" data-e-type=\"widget\" data-settings=\"{&quot;_animation&quot;:&quot;fadeInUp&quot;}\" data-widget_type=\"heading.default\">\n\t\t\t\t\t<h6 class=\"elementor-heading-title elementor-size-default\">Nos communaut\u00e9s<\/h6>\t\t\t\t<\/div>\n\t\t\t\t<div class=\"elementor-element elementor-element-c70e197 elementor-invisible elementor-widget elementor-widget-heading\" data-id=\"c70e197\" data-element_type=\"widget\" data-e-type=\"widget\" data-settings=\"{&quot;_animation&quot;:&quot;fadeInUp&quot;,&quot;_animation_delay&quot;:100}\" data-widget_type=\"heading.default\">\n\t\t\t\t\t<h2 class=\"elementor-heading-title elementor-size-default\">Apitipi Anicinapek Nation\n<\/h2>\t\t\t\t<\/div>\n\t\t\t\t<div class=\"elementor-element elementor-element-70b59c9 elementor-invisible elementor-widget elementor-widget-text-editor\" data-id=\"70b59c9\" data-element_type=\"widget\" data-e-type=\"widget\" data-settings=\"{&quot;_animation&quot;:&quot;fadeInUp&quot;,&quot;_animation_delay&quot;:150}\" data-widget_type=\"text-editor.default\">\n\t\t\t\t\t\t\t\t\t<p>Apitipi Anicinapek Nation, anciennement Wahgoshig First Nation, est une communaut\u00e9 anicinapek du nord-est de l\u2019Ontario. La Nation poss\u00e8de des racines historiques profondes et se concentre sur la gouvernance, la revitalisation culturelle et la protection du territoire pour les g\u00e9n\u00e9rations futures.<\/p><p><strong>Informations cl\u00e9s :<\/strong><\/p>\t\t\t\t\t\t\t\t<\/div>\n\t\t\t\t<div class=\"elementor-element elementor-element-0efd737 elementor-invisible elementor-widget elementor-widget-text-editor\" data-id=\"0efd737\" data-element_type=\"widget\" data-e-type=\"widget\" data-settings=\"{&quot;_animation&quot;:&quot;fadeInUp&quot;,&quot;_animation_delay&quot;:150}\" data-widget_type=\"text-editor.default\">\n\t\t\t\t\t\t\t\t\t<ul>\n \t<li><strong style=\"color: #d98042;\">Localisation :<\/strong> Pr\u00e8s du lac Abitibi, \u00e0 l\u2019est de Matheson, Ontario;<\/li>\n \t<li><strong style=\"color: #d98042;\">Terres traditionnelles :<\/strong>  Nord-est de l\u2019Ontario et nord-ouest du Qu\u00e9bec;<\/li>\n \t<li><strong style=\"color: #d98042;\">Gouvernance :<\/strong> Dirig\u00e9e par un Chef et un Conseil, guid\u00e9e par des valeurs et lois anicinape.<\/li>\n<\/ul>\t\t\t\t\t\t\t\t<\/div>\n\t\t\t\t<div class=\"elementor-element elementor-element-5da9424 elementor-invisible elementor-widget elementor-widget-text-editor\" data-id=\"5da9424\" data-element_type=\"widget\" data-e-type=\"widget\" data-settings=\"{&quot;_animation&quot;:&quot;fadeInUp&quot;,&quot;_animation_delay&quot;:150}\" data-widget_type=\"text-editor.default\">\n\t\t\t\t\t\t\t\t\t<p><strong>Priorit\u00e9s communautaires :<\/strong><\/p>\t\t\t\t\t\t\t\t<\/div>\n\t\t\t\t<div class=\"elementor-element elementor-element-dd6aad1 elementor-invisible elementor-widget elementor-widget-text-editor\" data-id=\"dd6aad1\" data-element_type=\"widget\" data-e-type=\"widget\" data-settings=\"{&quot;_animation&quot;:&quot;fadeInUp&quot;,&quot;_animation_delay&quot;:150}\" data-widget_type=\"text-editor.default\">\n\t\t\t\t\t\t\t\t\t<ul>\n \t<li>Protection des terres, de l\u2019eau et de l\u2019air pour les g\u00e9n\u00e9rations futures;<\/li>\n \t<li>Continuit\u00e9 culturelle par la langue et les traditions;<\/li>\n \t<li>Initiatives de mieux-\u00eatre, incluant logement et sant\u00e9;<\/li>\n \t<li>Projets de s\u00e9curit\u00e9 alimentaire comme des jardins communautaires et des for\u00eats nourrici\u00e8res;<\/li>\n \t<li>\u00c9ducation autochtone et pr\u00e9servation des connaissances historiques.<\/li>\n<\/ul>\t\t\t\t\t\t\t\t<\/div>\n\t\t\t\t\t<\/div>\n\t\t<\/div>\n\t\t\t\t\t<\/div>\n\t\t<\/section>\n\t\t\t\t<\/div>\n\t\t","protected":false},"excerpt":{"rendered":"<p>Anishnabe Alliance Nos communaut\u00e9s Premi\u00e8res Nations algonquines et communaut\u00e9s anishnabe du Qu\u00e9bec et de l\u2019Ontario Anishnabe Alliance est fi\u00e8re de soutenir les Premi\u00e8res Nations algonquines et les communaut\u00e9s anishnabe du Qu\u00e9bec et de l\u2019Ontario. Chaque Nation poss\u00e8de sa propre histoire, sa culture et ses priorit\u00e9s, tout en partageant un lien profond avec le territoire, la [&hellip;]<\/p>\n","protected":false},"author":1,"featured_media":0,"parent":0,"menu_order":0,"comment_status":"closed","ping_status":"closed","template":"","meta":{"_acf_changed":false,"_seopress_robots_primary_cat":"","_seopress_titles_title":"","_seopress_titles_desc":"","_seopress_robots_index":"","inline_featured_image":false,"footnotes":""},"class_list":["post-1170","page","type-page","status-publish","hentry"],"acf":[],"_links":{"self":[{"href":"https:\/\/aalliance.ca\/fr\/wp-json\/wp\/v2\/pages\/1170","targetHints":{"allow":["GET"]}}],"collection":[{"href":"https:\/\/aalliance.ca\/fr\/wp-json\/wp\/v2\/pages"}],"about":[{"href":"https:\/\/aalliance.ca\/fr\/wp-json\/wp\/v2\/types\/page"}],"author":[{"embeddable":true,"href":"https:\/\/aalliance.ca\/fr\/wp-json\/wp\/v2\/users\/1"}],"replies":[{"embeddable":true,"href":"https:\/\/aalliance.ca\/fr\/wp-json\/wp\/v2\/comments?post=1170"}],"version-history":[{"count":3,"href":"https:\/\/aalliance.ca\/fr\/wp-json\/wp\/v2\/pages\/1170\/revisions"}],"predecessor-version":[{"id":1452,"href":"https:\/\/aalliance.ca\/fr\/wp-json\/wp\/v2\/pages\/1170\/revisions\/1452"}],"wp:attachment":[{"href":"https:\/\/aalliance.ca\/fr\/wp-json\/wp\/v2\/media?parent=1170"}],"curies":[{"name":"wp","href":"https:\/\/api.w.org\/{rel}","templated":true}]}}